{"id":14,"date":"2014-12-13T20:46:28","date_gmt":"2014-12-13T19:46:28","guid":{"rendered":"http:\/\/pixelfrosch.org\/yoga-keul\/?page_id=14"},"modified":"2024-01-14T19:31:51","modified_gmt":"2024-01-14T18:31:51","slug":"ueber-mich","status":"publish","type":"page","link":"http:\/\/monika-keul-yoga.de\/?page_id=14","title":{"rendered":"\u00dcber mich"},"content":{"rendered":"<p style=\"text-align: left;\"><a href=\"http:\/\/monika-keul-yoga.de\/wp-content\/uploads\/2021\/06\/LK_6000.jpg\" rel=\"attachment wp-att-231\"><img loading=\"lazy\" decoding=\"async\" class=\"wp-image-508  alignright\" src=\"http:\/\/monika-keul-yoga.de\/wp-content\/uploads\/2021\/06\/LK_6000.jpg\" alt=\"\" width=\"346\" height=\"519\" srcset=\"http:\/\/monika-keul-yoga.de\/wp-content\/uploads\/2021\/06\/LK_6000.jpg 1600w, http:\/\/monika-keul-yoga.de\/wp-content\/uploads\/2021\/06\/LK_6000-768x1152.jpg 768w, http:\/\/monika-keul-yoga.de\/wp-content\/uploads\/2021\/06\/LK_6000-1024x1536.jpg 1024w, http:\/\/monika-keul-yoga.de\/wp-content\/uploads\/2021\/06\/LK_6000-1365x2048.jpg 1365w\" sizes=\"auto, (max-width: 346px) 100vw, 346px\" \/><\/a>Yoga und Autogenes Training haben mein Herz bereits seit \u00fcber 30 Jahren erobert und ich bin bis heute noch begeistert von beiden Methoden. Yoga und Autogenes Training helfen mir, entspannter auch mit den Dingen umgehen zu k\u00f6nnen, die sich nun mal nicht \u00e4ndern lassen. Es war immer ein gro\u00dfer Wunsch von mir, Yoga und Autogenes Training zu unterrichten. Ich bin gerne mit Menschen zusammen und ich freue mich darauf, Sie in meinen Kursen begr\u00fc\u00dfen zu k\u00f6nnen.<\/p>\n<p>Ausbildung Atemp\u00e4dagogik<\/p>\n<p>(2022) Hatha Yogaschule von<\/p>\n<p>Ursula Salbert in B\u00fchl -Abschluss:<\/p>\n<p>Atemtrainerin<\/p>\n<p>Ausbildung Yoga<\/p>\n<p>(M\u00e4rz 2017) Yogalehrerin f\u00fcr Schwangerschaft und R\u00fcckbildung (IGG B\u00fchl)<\/p>\n<p>(Juli 2015) Yogalehrerin f\u00fcr Kinder und Jugendliche (IGG B\u00fchl)<\/p>\n<p>(2014) Ausbildung in der Hatha Yogaschule von Ursula Salbert in B\u00fchl- Abschluss:<\/p>\n<p>Yogalehrerin Grundausbildung (IGG B\u00fchl)<\/p>\n<p>Kinderyogalehrerin (IGGB\u00fchl)<\/p>\n<p>(2011\u20132012) Ausbildung zur Yogatrainerin beim Bildungswerk f\u00fcr ganzheitliche Therapien<\/p>\n<p>Yoga Fachfortbildungen<\/p>\n<p>Chakra Yoga BgT (Mai 2012)<\/p>\n<p>Hormon Yoga BgT (Juni 2013)<\/p>\n<p>Seminar mit Anna Tr\u00f6kes: Yoga kennt kein Alter (April 2013)<\/p>\n<p>Ausbildung Autogenes Training<\/p>\n<p>(2011) Entpannungsp\u00e4dagogik\/ Seminarleitung Autogenes Training und Progressive Muskelentspannung f\u00fcr Kinder und<\/p>\n<p>Erwachsene beim Bildungswerk f\u00fcr therapeutische Berufe<\/p>\n","protected":false},"excerpt":{"rendered":"<p>Yoga und Autogenes Training haben mein Herz bereits seit \u00fcber 30 Jahren erobert und ich bin bis heute noch begeistert von beiden Methoden. Yoga und Autogenes Training helfen mir, entspannter auch mit den Dingen umgehen zu k\u00f6nnen, die sich nun mal nicht \u00e4ndern lassen. Es war immer ein gro\u00dfer Wunsch von mir, Yoga und Autogenes<a class=\"more\" href=\"http:\/\/monika-keul-yoga.de\/?page_id=14\" title=\"Read More\"> [&#8230;] <\/a><\/p>\n","protected":false},"author":2,"featured_media":0,"parent":0,"menu_order":0,"comment_status":"closed","ping_status":"open","template":"","meta":{"footnotes":""},"class_list":["post-14","page","type-page","status-publish","hentry","post-container col-md-12"],"_links":{"self":[{"href":"http:\/\/monika-keul-yoga.de\/index.php?rest_route=\/wp\/v2\/pages\/14","targetHints":{"allow":["GET"]}}],"collection":[{"href":"http:\/\/monika-keul-yoga.de\/index.php?rest_route=\/wp\/v2\/pages"}],"about":[{"href":"http:\/\/monika-keul-yoga.de\/index.php?rest_route=\/wp\/v2\/types\/page"}],"author":[{"embeddable":true,"href":"http:\/\/monika-keul-yoga.de\/index.php?rest_route=\/wp\/v2\/users\/2"}],"replies":[{"embeddable":true,"href":"http:\/\/monika-keul-yoga.de\/index.php?rest_route=%2Fwp%2Fv2%2Fcomments&post=14"}],"version-history":[{"count":10,"href":"http:\/\/monika-keul-yoga.de\/index.php?rest_route=\/wp\/v2\/pages\/14\/revisions"}],"predecessor-version":[{"id":638,"href":"http:\/\/monika-keul-yoga.de\/index.php?rest_route=\/wp\/v2\/pages\/14\/revisions\/638"}],"wp:attachment":[{"href":"http:\/\/monika-keul-yoga.de\/index.php?rest_route=%2Fwp%2Fv2%2Fmedia&parent=14"}],"curies":[{"name":"wp","href":"https:\/\/api.w.org\/{rel}","templated":true}]}}